{"id":1087,"date":"2020-10-23T13:34:34","date_gmt":"2020-10-23T06:34:34","guid":{"rendered":"https:\/\/www.gavias-theme.com\/wp\/ziston\/?page_id=1087"},"modified":"2025-03-11T16:25:44","modified_gmt":"2025-03-11T16:25:44","slug":"blog","status":"publish","type":"page","link":"https:\/\/ericeiramarket.pt\/en\/blog\/","title":{"rendered":"News"},"content":{"rendered":"<div data-elementor-type=\"wp-page\" data-elementor-id=\"1087\" class=\"elementor elementor-1087\">\n\t\t\t\t\t\t<section class=\"elementor-section elementor-top-section elementor-element elementor-element-700b768 elementor-section-boxed elementor-section-height-default elementor-section-height-default row-top\" data-id=\"700b768\" data-element_type=\"section\" data-e-type=\"section\">\n\t\t\t\t\t\t<div class=\"elementor-container elementor-column-gap-default\">\n\t\t\t\t\t<div class=\"elementor-column elementor-col-100 elementor-top-column elementor-element elementor-element-d05e30d column-style-top\" data-id=\"d05e30d\" data-element_type=\"column\" data-e-type=\"column\">\n\t\t\t<div class=\"elementor-widget-wrap elementor-element-populated\">\n\t\t\t\t\t\t<div class=\"elementor-element elementor-element-1fd00f7 elementor-widget elementor-widget-gva-posts\" data-id=\"1fd00f7\" data-element_type=\"widget\" data-e-type=\"widget\" data-widget_type=\"gva-posts.default\">\n\t\t\t\t<div class=\"elementor-widget-container\">\n\t\t\t\t\t<div class=\"gva-element-gva-posts gva-element\">  \r\n  <div class=\"gva-posts-grid clearfix gva-posts\">\r\n      <div class=\"gva-content-items\"> \r\n        <div class=\"lg-block-grid-3 md-block-grid-3 sm-block-grid-1 xs-block-grid-1 xx-block-grid-1\">\r\n          \r\n<div class=\"all noticias  item-columns\">\r\n   <article id=\"post-28934\" class=\"post post-style-1 post-28934 type-post status-publish format-standard has-post-thumbnail hentry category-noticias\">\r\n      <div class=\"post-thumbnail\">\r\n         <a href=\"https:\/\/ericeiramarket.pt\/en\/noticias\/workshop-de-auto-maquilhagem\/\">\r\n            <img fetchpriority=\"high\" decoding=\"async\" width=\"1447\" height=\"2048\" src=\"https:\/\/ericeiramarket.pt\/wp-content\/uploads\/2026\/02\/WhatsApp-Image-2026-02-26-at-16.58.34.jpeg\" class=\"attachment-full size-full wp-post-image\" alt=\"Workshop de Auto-Maquilhagem\" srcset=\"https:\/\/ericeiramarket.pt\/wp-content\/uploads\/2026\/02\/WhatsApp-Image-2026-02-26-at-16.58.34.jpeg 1447w, https:\/\/ericeiramarket.pt\/wp-content\/uploads\/2026\/02\/WhatsApp-Image-2026-02-26-at-16.58.34-724x1024.jpeg 724w, https:\/\/ericeiramarket.pt\/wp-content\/uploads\/2026\/02\/WhatsApp-Image-2026-02-26-at-16.58.34-768x1087.jpeg 768w, https:\/\/ericeiramarket.pt\/wp-content\/uploads\/2026\/02\/WhatsApp-Image-2026-02-26-at-16.58.34-8x12.jpeg 8w\" sizes=\"(max-width: 1447px) 100vw, 1447px\" \/>         <\/a>\r\n      <\/div>   \r\n\r\n      <div class=\"entry-content\">\r\n         <div class=\"entry-meta\">\r\n            \r\n    <div class=\"clearfix meta-inline\"><span class=\"author vcard\"><i class=\"far fa-user-circle\"><\/i>by Ericeira Market<\/span><\/div><div class=\"entry-date\"><span class=\"day\">26<\/span><span class=\"month\">Feb<\/span><\/div>         <\/div> \r\n         <div class=\"content-inner\">\r\n            <h2 class=\"entry-title\"><a href=\"https:\/\/ericeiramarket.pt\/en\/noticias\/workshop-de-auto-maquilhagem\/\" rel=\"bookmark\">Self-Make-up Workshop<\/a><\/h2>\r\n                           <div class=\"entry-description\">\u2728 Self-Make-up Workshop - Women's Day at Salon K-Chic \u2728 To celebrate Women's Day, the Salon<\/div>\r\n                     <\/div>\r\n      <\/div>\r\n   <\/article>   \r\n<\/div>\r\n\r\n  \r\n<div class=\"all noticias  item-columns\">\r\n   <article id=\"post-28807\" class=\"post post-style-1 post-28807 type-post status-publish format-standard has-post-thumbnail hentry category-noticias\">\r\n      <div class=\"post-thumbnail\">\r\n         <a href=\"https:\/\/ericeiramarket.pt\/en\/noticias\/curso-intensivo-surf\/\">\r\n            <img decoding=\"async\" width=\"1080\" height=\"1350\" src=\"https:\/\/ericeiramarket.pt\/wp-content\/uploads\/2025\/10\/WhatsApp-Image-2026-01-27-at-19.09.32.jpg\" class=\"attachment-full size-full wp-post-image\" alt=\"Curso Intensivo Surf\" srcset=\"https:\/\/ericeiramarket.pt\/wp-content\/uploads\/2025\/10\/WhatsApp-Image-2026-01-27-at-19.09.32.jpg 1080w, https:\/\/ericeiramarket.pt\/wp-content\/uploads\/2025\/10\/WhatsApp-Image-2026-01-27-at-19.09.32-819x1024.jpg 819w, https:\/\/ericeiramarket.pt\/wp-content\/uploads\/2025\/10\/WhatsApp-Image-2026-01-27-at-19.09.32-768x960.jpg 768w, https:\/\/ericeiramarket.pt\/wp-content\/uploads\/2025\/10\/WhatsApp-Image-2026-01-27-at-19.09.32-10x12.jpg 10w\" sizes=\"(max-width: 1080px) 100vw, 1080px\" \/>         <\/a>\r\n      <\/div>   \r\n\r\n      <div class=\"entry-content\">\r\n         <div class=\"entry-meta\">\r\n            \r\n    <div class=\"clearfix meta-inline\"><span class=\"author vcard\"><i class=\"far fa-user-circle\"><\/i>by Ericeira Market<\/span><\/div><div class=\"entry-date\"><span class=\"day\">28<\/span><span class=\"month\">Jan<\/span><\/div>         <\/div> \r\n         <div class=\"content-inner\">\r\n            <h2 class=\"entry-title\"><a href=\"https:\/\/ericeiramarket.pt\/en\/noticias\/curso-intensivo-surf\/\" rel=\"bookmark\">Intensive Surf Course<\/a><\/h2>\r\n                           <div class=\"entry-description\">Are you ready to truly evolve? Registrations are now open for our Intensive Surf Course, starting on March 8th (Sunday)!<\/div>\r\n                     <\/div>\r\n      <\/div>\r\n   <\/article>   \r\n<\/div>\r\n\r\n  \r\n<div class=\"all noticias  item-columns\">\r\n   <article id=\"post-28720\" class=\"post post-style-1 post-28720 type-post status-publish format-standard has-post-thumbnail hentry category-noticias\">\r\n      <div class=\"post-thumbnail\">\r\n         <a href=\"https:\/\/ericeiramarket.pt\/en\/noticias\/everaonaericeira\/\">\r\n            <img decoding=\"async\" width=\"618\" height=\"348\" src=\"https:\/\/ericeiramarket.pt\/wp-content\/uploads\/2025\/08\/image.jpg\" class=\"attachment-full size-full wp-post-image\" alt=\"&#8220;\u00c9 ver\u00e3o&#8221; na Ericeira | SIC Not\u00edcias\" srcset=\"https:\/\/ericeiramarket.pt\/wp-content\/uploads\/2025\/08\/image.jpg 618w, https:\/\/ericeiramarket.pt\/wp-content\/uploads\/2025\/08\/image-18x10.jpg 18w\" sizes=\"(max-width: 618px) 100vw, 618px\" \/>         <\/a>\r\n      <\/div>   \r\n\r\n      <div class=\"entry-content\">\r\n         <div class=\"entry-meta\">\r\n            \r\n    <div class=\"clearfix meta-inline\"><span class=\"author vcard\"><i class=\"far fa-user-circle\"><\/i>by Ericeira Market<\/span><\/div><div class=\"entry-date\"><span class=\"day\">25<\/span><span class=\"month\">Aug<\/span><\/div>         <\/div> \r\n         <div class=\"content-inner\">\r\n            <h2 class=\"entry-title\"><a href=\"https:\/\/ericeiramarket.pt\/en\/noticias\/everaonaericeira\/\" rel=\"bookmark\">\"It's summer\" in Ericeira | SIC Not\u00edcias<\/a><\/h2>\r\n                           <div class=\"entry-description\">Almost every time a surfboard goes into the water, a stew comes out onto the table. It's summer, and the<\/div>\r\n                     <\/div>\r\n      <\/div>\r\n   <\/article>   \r\n<\/div>\r\n\r\n  \r\n<div class=\"all noticias  item-columns\">\r\n   <article id=\"post-28657\" class=\"post post-style-1 post-28657 type-post status-publish format-standard has-post-thumbnail hentry category-noticias\">\r\n      <div class=\"post-thumbnail\">\r\n         <a href=\"https:\/\/ericeiramarket.pt\/en\/noticias\/projeto-eolos-mar\/\">\r\n            <img loading=\"lazy\" decoding=\"async\" width=\"500\" height=\"750\" src=\"https:\/\/ericeiramarket.pt\/wp-content\/uploads\/2025\/06\/Register-Login.jpg\" class=\"attachment-full size-full wp-post-image\" alt=\"Projeto EOLOS.MAR\" srcset=\"https:\/\/ericeiramarket.pt\/wp-content\/uploads\/2025\/06\/Register-Login.jpg 500w, https:\/\/ericeiramarket.pt\/wp-content\/uploads\/2025\/06\/Register-Login-8x12.jpg 8w\" sizes=\"(max-width: 500px) 100vw, 500px\" \/>         <\/a>\r\n      <\/div>   \r\n\r\n      <div class=\"entry-content\">\r\n         <div class=\"entry-meta\">\r\n            \r\n    <div class=\"clearfix meta-inline\"><span class=\"author vcard\"><i class=\"far fa-user-circle\"><\/i>by Ericeira Market<\/span><\/div><div class=\"entry-date\"><span class=\"day\">27<\/span><span class=\"month\">Jun<\/span><\/div>         <\/div> \r\n         <div class=\"content-inner\">\r\n            <h2 class=\"entry-title\"><a href=\"https:\/\/ericeiramarket.pt\/en\/noticias\/projeto-eolos-mar\/\" rel=\"bookmark\">EOLOS.MAR Project<\/a><\/h2>\r\n                           <div class=\"entry-description\">EOLOS.MAR project evaluates the potential of renewable energy at sea with the start of measurements in Portugal The PRR EOLOS.MAR project has just started.<\/div>\r\n                     <\/div>\r\n      <\/div>\r\n   <\/article>   \r\n<\/div>\r\n\r\n  \r\n<div class=\"all noticias  item-columns\">\r\n   <article id=\"post-28617\" class=\"post post-style-1 post-28617 type-post status-publish format-standard has-post-thumbnail hentry category-noticias\">\r\n      <div class=\"post-thumbnail\">\r\n         <a href=\"https:\/\/ericeiramarket.pt\/en\/noticias\/festival-da-sardinha-ericeira\/\">\r\n            <img loading=\"lazy\" decoding=\"async\" width=\"605\" height=\"735\" src=\"https:\/\/ericeiramarket.pt\/wp-content\/uploads\/2025\/06\/image.jpg\" class=\"attachment-full size-full wp-post-image\" alt=\"Festival da Sardinha \u2013 Ericeira 2025\" srcset=\"https:\/\/ericeiramarket.pt\/wp-content\/uploads\/2025\/06\/image.jpg 605w, https:\/\/ericeiramarket.pt\/wp-content\/uploads\/2025\/06\/image-10x12.jpg 10w\" sizes=\"(max-width: 605px) 100vw, 605px\" \/>         <\/a>\r\n      <\/div>   \r\n\r\n      <div class=\"entry-content\">\r\n         <div class=\"entry-meta\">\r\n            \r\n    <div class=\"clearfix meta-inline\"><span class=\"author vcard\"><i class=\"far fa-user-circle\"><\/i>by Ericeira Market<\/span><\/div><div class=\"entry-date\"><span class=\"day\">24<\/span><span class=\"month\">Jun<\/span><\/div>         <\/div> \r\n         <div class=\"content-inner\">\r\n            <h2 class=\"entry-title\"><a href=\"https:\/\/ericeiramarket.pt\/en\/noticias\/festival-da-sardinha-ericeira\/\" rel=\"bookmark\">Sardine Festival - Ericeira 2025<\/a><\/h2>\r\n                           <div class=\"entry-description\">\ud83c\udfa3 Sardine Festival - Ericeira 2025 \ud83d\udc1f\ud83d\udccd Largo das Ribas\ud83d\udcc5 18 to 20 July is coming up<\/div>\r\n                     <\/div>\r\n      <\/div>\r\n   <\/article>   \r\n<\/div>\r\n\r\n  \r\n<div class=\"all noticias  item-columns\">\r\n   <article id=\"post-28431\" class=\"post post-style-1 post-28431 type-post status-publish format-standard has-post-thumbnail hentry category-noticias\">\r\n      <div class=\"post-thumbnail\">\r\n         <a href=\"https:\/\/ericeiramarket.pt\/en\/noticias\/arraial-solidario-associacao-ana\/\">\r\n            <img loading=\"lazy\" decoding=\"async\" width=\"820\" height=\"312\" src=\"https:\/\/ericeiramarket.pt\/wp-content\/uploads\/2025\/05\/image-1.jpg\" class=\"attachment-full size-full wp-post-image\" alt=\"Arraial Solid\u00e1rio &#8211; Associa\u00e7\u00e3o ANA\" srcset=\"https:\/\/ericeiramarket.pt\/wp-content\/uploads\/2025\/05\/image-1.jpg 820w, https:\/\/ericeiramarket.pt\/wp-content\/uploads\/2025\/05\/image-1-768x292.jpg 768w, https:\/\/ericeiramarket.pt\/wp-content\/uploads\/2025\/05\/image-1-18x7.jpg 18w\" sizes=\"(max-width: 820px) 100vw, 820px\" \/>         <\/a>\r\n      <\/div>   \r\n\r\n      <div class=\"entry-content\">\r\n         <div class=\"entry-meta\">\r\n            \r\n    <div class=\"clearfix meta-inline\"><span class=\"author vcard\"><i class=\"far fa-user-circle\"><\/i>by Ericeira Market<\/span><\/div><div class=\"entry-date\"><span class=\"day\">20<\/span><span class=\"month\">May<\/span><\/div>         <\/div> \r\n         <div class=\"content-inner\">\r\n            <h2 class=\"entry-title\"><a href=\"https:\/\/ericeiramarket.pt\/en\/noticias\/arraial-solidario-associacao-ana\/\" rel=\"bookmark\">Solidarity Festival - ANA Association<\/a><\/h2>\r\n                           <div class=\"entry-description\">ANA Association's Solidarity Festival: Food, Music and Solidarity in Sobreiro, Mafra On 7 June, the Association<\/div>\r\n                     <\/div>\r\n      <\/div>\r\n   <\/article>   \r\n<\/div>\r\n\r\n  \r\n<div class=\"all noticias  item-columns\">\r\n   <article id=\"post-28420\" class=\"post post-style-1 post-28420 type-post status-publish format-standard has-post-thumbnail hentry category-noticias\">\r\n      <div class=\"post-thumbnail\">\r\n         <a href=\"https:\/\/ericeiramarket.pt\/en\/noticias\/mybodymychoicesunsetparty\/\">\r\n            <img loading=\"lazy\" decoding=\"async\" width=\"1920\" height=\"1280\" src=\"https:\/\/ericeiramarket.pt\/wp-content\/uploads\/2025\/05\/08.jpg\" class=\"attachment-full size-full wp-post-image\" alt=\"Evento &#8220;My Body, My Choice&#8221;\" srcset=\"https:\/\/ericeiramarket.pt\/wp-content\/uploads\/2025\/05\/08.jpg 1920w, https:\/\/ericeiramarket.pt\/wp-content\/uploads\/2025\/05\/08-1024x683.jpg 1024w, https:\/\/ericeiramarket.pt\/wp-content\/uploads\/2025\/05\/08-768x512.jpg 768w, https:\/\/ericeiramarket.pt\/wp-content\/uploads\/2025\/05\/08-18x12.jpg 18w, https:\/\/ericeiramarket.pt\/wp-content\/uploads\/2025\/05\/08-600x400.jpg 600w\" sizes=\"(max-width: 1920px) 100vw, 1920px\" \/>         <\/a>\r\n      <\/div>   \r\n\r\n      <div class=\"entry-content\">\r\n         <div class=\"entry-meta\">\r\n            \r\n    <div class=\"clearfix meta-inline\"><span class=\"author vcard\"><i class=\"far fa-user-circle\"><\/i>by Ericeira Market<\/span><\/div><div class=\"entry-date\"><span class=\"day\">20<\/span><span class=\"month\">May<\/span><\/div>         <\/div> \r\n         <div class=\"content-inner\">\r\n            <h2 class=\"entry-title\"><a href=\"https:\/\/ericeiramarket.pt\/en\/noticias\/mybodymychoicesunsetparty\/\" rel=\"bookmark\">My Body, My Choice\" event<\/a><\/h2>\r\n                           <div class=\"entry-description\">My Body, My Choice: A Celebration of Women's Strength and Freedom Date and Time: Saturday 12 July, 2009<\/div>\r\n                     <\/div>\r\n      <\/div>\r\n   <\/article>   \r\n<\/div>\r\n\r\n  \r\n<div class=\"all noticias  item-columns\">\r\n   <article id=\"post-28207\" class=\"post post-style-1 post-28207 type-post status-publish format-standard has-post-thumbnail hentry category-noticias\">\r\n      <div class=\"post-thumbnail\">\r\n         <a href=\"https:\/\/ericeiramarket.pt\/en\/noticias\/sara-lagos-tosquias\/\">\r\n            <img loading=\"lazy\" decoding=\"async\" width=\"1000\" height=\"1500\" src=\"https:\/\/ericeiramarket.pt\/wp-content\/uploads\/2025\/04\/image.jpg\" class=\"attachment-full size-full wp-post-image\" alt=\"20% de desconto | Sara Lagos Tosquias\" srcset=\"https:\/\/ericeiramarket.pt\/wp-content\/uploads\/2025\/04\/image.jpg 1000w, https:\/\/ericeiramarket.pt\/wp-content\/uploads\/2025\/04\/image-683x1024.jpg 683w, https:\/\/ericeiramarket.pt\/wp-content\/uploads\/2025\/04\/image-768x1152.jpg 768w, https:\/\/ericeiramarket.pt\/wp-content\/uploads\/2025\/04\/image-8x12.jpg 8w\" sizes=\"(max-width: 1000px) 100vw, 1000px\" \/>         <\/a>\r\n      <\/div>   \r\n\r\n      <div class=\"entry-content\">\r\n         <div class=\"entry-meta\">\r\n            \r\n    <div class=\"clearfix meta-inline\"><span class=\"author vcard\"><i class=\"far fa-user-circle\"><\/i>by Ericeira Market<\/span><\/div><div class=\"entry-date\"><span class=\"day\">21<\/span><span class=\"month\">Apr<\/span><\/div>         <\/div> \r\n         <div class=\"content-inner\">\r\n            <h2 class=\"entry-title\"><a href=\"https:\/\/ericeiramarket.pt\/en\/noticias\/sara-lagos-tosquias\/\" rel=\"bookmark\">20% discount | Sara Lagos Tosquias<\/a><\/h2>\r\n                           <div class=\"entry-description\">\ud83d\udc36\u2728 This May, pampering your furry friend has even more advantages! By booking a bath or grooming with<\/div>\r\n                     <\/div>\r\n      <\/div>\r\n   <\/article>   \r\n<\/div>\r\n\r\n  \r\n<div class=\"all noticias  item-columns\">\r\n   <article id=\"post-28078\" class=\"post post-style-1 post-28078 type-post status-publish format-standard has-post-thumbnail hentry category-noticias\">\r\n      <div class=\"post-thumbnail\">\r\n         <a href=\"https:\/\/ericeiramarket.pt\/en\/noticias\/restaurante-golfinho-azul-festival-do-ourico\/\">\r\n            <img loading=\"lazy\" decoding=\"async\" width=\"554\" height=\"730\" src=\"https:\/\/ericeiramarket.pt\/wp-content\/uploads\/2025\/03\/image-2.jpg\" class=\"attachment-full size-full wp-post-image\" alt=\"Restaurante Golfinho Azul &#8211; Festival do Ouri\u00e7o\" srcset=\"https:\/\/ericeiramarket.pt\/wp-content\/uploads\/2025\/03\/image-2.jpg 554w, https:\/\/ericeiramarket.pt\/wp-content\/uploads\/2025\/03\/image-2-9x12.jpg 9w\" sizes=\"(max-width: 554px) 100vw, 554px\" \/>         <\/a>\r\n      <\/div>   \r\n\r\n      <div class=\"entry-content\">\r\n         <div class=\"entry-meta\">\r\n            \r\n    <div class=\"clearfix meta-inline\"><span class=\"author vcard\"><i class=\"far fa-user-circle\"><\/i>by Ericeira Market<\/span><\/div><div class=\"entry-date\"><span class=\"day\">27<\/span><span class=\"month\">Sea<\/span><\/div>         <\/div> \r\n         <div class=\"content-inner\">\r\n            <h2 class=\"entry-title\"><a href=\"https:\/\/ericeiramarket.pt\/en\/noticias\/restaurante-golfinho-azul-festival-do-ourico\/\" rel=\"bookmark\">Golfinho Azul Restaurant - Hedgehog Festival<\/a><\/h2>\r\n                           <div class=\"entry-description\">Hedgehog Festival 2025 - the flavour of the sea in every bite At the Golfinho Azul restaurant, the sea urchin is the<\/div>\r\n                     <\/div>\r\n      <\/div>\r\n   <\/article>   \r\n<\/div>\r\n\r\n          <\/div>\r\n      <\/div>\r\n                <div class=\"pagination\">\r\n              <div class=\"column one pager_wrapper\"><div class=\"pager\"><div class=\"paginations\"><a href=\"https:\/\/ericeiramarket.pt\/en\/wp-json\/wp\/v2\/pages\/1087\/\" class=\"page-item active\">1<\/a><a href=\"https:\/\/ericeiramarket.pt\/en\/wp-json\/wp\/v2\/pages\/1087\/page\/2\/\" class=\"page-item\">2<\/a><a href=\"https:\/\/ericeiramarket.pt\/en\/wp-json\/wp\/v2\/pages\/1087\/page\/3\/\" class=\"page-item\">3<\/a><span class=\"page-item\">... <\/span><a href=\"https:\/\/ericeiramarket.pt\/en\/wp-json\/wp\/v2\/pages\/1087\/page\/7\/\" class=\"page-item\">7<\/a><a class=\"next_page\" href=\"https:\/\/ericeiramarket.pt\/en\/wp-json\/wp\/v2\/pages\/1087\/page\/2\/\"><i class=\"fas fa-chevron-right\"><\/i><\/a><\/div><\/div><\/div>\n          <\/div>\r\n        <\/div>\r\n  <\/div>\t\t\t\t<\/div>\n\t\t\t\t<\/div>\n\t\t\t\t\t<\/div>\n\t\t<\/div>\n\t\t\t\t\t<\/div>\n\t\t<\/section>\n\t\t\t\t<\/div>","protected":false},"excerpt":{"rendered":"<p>by&nbsp;Ericeira Market05Mar Noite de Fados na Ericeira! Sile\u0302ncio que se va\u0303o cantar va\u0301rios Fados no sala\u0303o paroquial da Ericeira na sexta-feira 7 de marc\u0327o a\u0300s 20h!\u00a0 Com by&nbsp;Ericeira Market24Jan \ud83e\udd73A [&hellip;]<\/p>\n","protected":false},"author":1,"featured_media":0,"parent":0,"menu_order":0,"comment_status":"closed","ping_status":"closed","template":"","meta":{"footnotes":""},"class_list":["post-1087","page","type-page","status-publish","hentry"],"yoast_head":"<!-- This site is optimized with the Yoast SEO plugin v27.5 - https:\/\/yoast.com\/product\/yoast-seo-wordpress\/ -->\n<title>Not\u00edcias - Ericeira Market<\/title>\n<meta name=\"robots\" content=\"index, follow, max-snippet:-1, max-image-preview:large, max-video-preview:-1\" \/>\n<link rel=\"canonical\" href=\"https:\/\/ericeiramarket.pt\/en\/blog\/\" \/>\n<meta property=\"og:locale\" content=\"en_GB\" \/>\n<meta property=\"og:type\" content=\"article\" \/>\n<meta property=\"og:title\" content=\"Not\u00edcias - Ericeira Market\" \/>\n<meta property=\"og:description\" content=\"by&nbsp;Ericeira Market05Mar Noite de Fados na Ericeira! Sile\u0302ncio que se va\u0303o cantar va\u0301rios Fados no sala\u0303o paroquial da Ericeira na sexta-feira 7 de marc\u0327o a\u0300s 20h!\u00a0 Com by&nbsp;Ericeira Market24Jan \ud83e\udd73A [&hellip;]\" \/>\n<meta property=\"og:url\" content=\"https:\/\/ericeiramarket.pt\/en\/blog\/\" \/>\n<meta property=\"og:site_name\" content=\"Ericeira Market\" \/>\n<meta property=\"article:publisher\" content=\"https:\/\/www.facebook.com\/EriceiraMarket\/\" \/>\n<meta property=\"article:modified_time\" content=\"2025-03-11T16:25:44+00:00\" \/>\n<meta property=\"og:image\" content=\"https:\/\/ericeiramarket.pt\/wp-content\/uploads\/2025\/03\/Noticia-EM-1.jpg\" \/>\n<meta name=\"twitter:card\" content=\"summary_large_image\" \/>\n<meta name=\"twitter:label1\" content=\"Estimated reading time\" \/>\n\t<meta name=\"twitter:data1\" content=\"2 minutes\" \/>\n<script type=\"application\/ld+json\" class=\"yoast-schema-graph\">{\"@context\":\"https:\\\/\\\/schema.org\",\"@graph\":[{\"@type\":\"WebPage\",\"@id\":\"https:\\\/\\\/ericeiramarket.pt\\\/blog\\\/\",\"url\":\"https:\\\/\\\/ericeiramarket.pt\\\/blog\\\/\",\"name\":\"Not\u00edcias - Ericeira Market\",\"isPartOf\":{\"@id\":\"https:\\\/\\\/ericeiramarket.pt\\\/#website\"},\"primaryImageOfPage\":{\"@id\":\"https:\\\/\\\/ericeiramarket.pt\\\/blog\\\/#primaryimage\"},\"image\":{\"@id\":\"https:\\\/\\\/ericeiramarket.pt\\\/blog\\\/#primaryimage\"},\"thumbnailUrl\":\"https:\\\/\\\/ericeiramarket.pt\\\/wp-content\\\/uploads\\\/2025\\\/03\\\/Noticia-EM-1.jpg\",\"datePublished\":\"2020-10-23T06:34:34+00:00\",\"dateModified\":\"2025-03-11T16:25:44+00:00\",\"breadcrumb\":{\"@id\":\"https:\\\/\\\/ericeiramarket.pt\\\/blog\\\/#breadcrumb\"},\"inLanguage\":\"en-GB\",\"potentialAction\":[{\"@type\":\"ReadAction\",\"target\":[\"https:\\\/\\\/ericeiramarket.pt\\\/blog\\\/\"]}]},{\"@type\":\"ImageObject\",\"inLanguage\":\"en-GB\",\"@id\":\"https:\\\/\\\/ericeiramarket.pt\\\/blog\\\/#primaryimage\",\"url\":\"https:\\\/\\\/ericeiramarket.pt\\\/wp-content\\\/uploads\\\/2025\\\/03\\\/Noticia-EM-1.jpg\",\"contentUrl\":\"https:\\\/\\\/ericeiramarket.pt\\\/wp-content\\\/uploads\\\/2025\\\/03\\\/Noticia-EM-1.jpg\"},{\"@type\":\"BreadcrumbList\",\"@id\":\"https:\\\/\\\/ericeiramarket.pt\\\/blog\\\/#breadcrumb\",\"itemListElement\":[{\"@type\":\"ListItem\",\"position\":1,\"name\":\"Home\",\"item\":\"https:\\\/\\\/ericeiramarket.pt\\\/\"},{\"@type\":\"ListItem\",\"position\":2,\"name\":\"Not\u00edcias\"}]},{\"@type\":\"WebSite\",\"@id\":\"https:\\\/\\\/ericeiramarket.pt\\\/#website\",\"url\":\"https:\\\/\\\/ericeiramarket.pt\\\/\",\"name\":\"Ericeira Market\",\"description\":\"O melhor da Ericeira est\u00e1 aqui!\",\"publisher\":{\"@id\":\"https:\\\/\\\/ericeiramarket.pt\\\/#organization\"},\"potentialAction\":[{\"@type\":\"SearchAction\",\"target\":{\"@type\":\"EntryPoint\",\"urlTemplate\":\"https:\\\/\\\/ericeiramarket.pt\\\/?s={search_term_string}\"},\"query-input\":{\"@type\":\"PropertyValueSpecification\",\"valueRequired\":true,\"valueName\":\"search_term_string\"}}],\"inLanguage\":\"en-GB\"},{\"@type\":\"Organization\",\"@id\":\"https:\\\/\\\/ericeiramarket.pt\\\/#organization\",\"name\":\"Ericeira Market - A Ericeira cabe toda aqui\",\"url\":\"https:\\\/\\\/ericeiramarket.pt\\\/\",\"logo\":{\"@type\":\"ImageObject\",\"inLanguage\":\"en-GB\",\"@id\":\"https:\\\/\\\/ericeiramarket.pt\\\/#\\\/schema\\\/logo\\\/image\\\/\",\"url\":\"https:\\\/\\\/ericeiramarket.pt\\\/wp-content\\\/uploads\\\/2020\\\/09\\\/Asset-4ericeira-market-logos-seo.png\",\"contentUrl\":\"https:\\\/\\\/ericeiramarket.pt\\\/wp-content\\\/uploads\\\/2020\\\/09\\\/Asset-4ericeira-market-logos-seo.png\",\"width\":557,\"height\":566,\"caption\":\"Ericeira Market - A Ericeira cabe toda aqui\"},\"image\":{\"@id\":\"https:\\\/\\\/ericeiramarket.pt\\\/#\\\/schema\\\/logo\\\/image\\\/\"},\"sameAs\":[\"https:\\\/\\\/www.facebook.com\\\/EriceiraMarket\\\/\"]}]}<\/script>\n<!-- \/ Yoast SEO plugin. -->","yoast_head_json":{"title":"News - Ericeira Market","robots":{"index":"index","follow":"follow","max-snippet":"max-snippet:-1","max-image-preview":"max-image-preview:large","max-video-preview":"max-video-preview:-1"},"canonical":"https:\/\/ericeiramarket.pt\/en\/blog\/","og_locale":"en_GB","og_type":"article","og_title":"Not\u00edcias - Ericeira Market","og_description":"by&nbsp;Ericeira Market05Mar Noite de Fados na Ericeira! Sile\u0302ncio que se va\u0303o cantar va\u0301rios Fados no sala\u0303o paroquial da Ericeira na sexta-feira 7 de marc\u0327o a\u0300s 20h!\u00a0 Com by&nbsp;Ericeira Market24Jan \ud83e\udd73A [&hellip;]","og_url":"https:\/\/ericeiramarket.pt\/en\/blog\/","og_site_name":"Ericeira Market","article_publisher":"https:\/\/www.facebook.com\/EriceiraMarket\/","article_modified_time":"2025-03-11T16:25:44+00:00","og_image":[{"url":"https:\/\/ericeiramarket.pt\/wp-content\/uploads\/2025\/03\/Noticia-EM-1.jpg","type":"","width":"","height":""}],"twitter_card":"summary_large_image","twitter_misc":{"Estimated reading time":"2 minutes"},"schema":{"@context":"https:\/\/schema.org","@graph":[{"@type":"WebPage","@id":"https:\/\/ericeiramarket.pt\/blog\/","url":"https:\/\/ericeiramarket.pt\/blog\/","name":"News - Ericeira Market","isPartOf":{"@id":"https:\/\/ericeiramarket.pt\/#website"},"primaryImageOfPage":{"@id":"https:\/\/ericeiramarket.pt\/blog\/#primaryimage"},"image":{"@id":"https:\/\/ericeiramarket.pt\/blog\/#primaryimage"},"thumbnailUrl":"https:\/\/ericeiramarket.pt\/wp-content\/uploads\/2025\/03\/Noticia-EM-1.jpg","datePublished":"2020-10-23T06:34:34+00:00","dateModified":"2025-03-11T16:25:44+00:00","breadcrumb":{"@id":"https:\/\/ericeiramarket.pt\/blog\/#breadcrumb"},"inLanguage":"en-GB","potentialAction":[{"@type":"ReadAction","target":["https:\/\/ericeiramarket.pt\/blog\/"]}]},{"@type":"ImageObject","inLanguage":"en-GB","@id":"https:\/\/ericeiramarket.pt\/blog\/#primaryimage","url":"https:\/\/ericeiramarket.pt\/wp-content\/uploads\/2025\/03\/Noticia-EM-1.jpg","contentUrl":"https:\/\/ericeiramarket.pt\/wp-content\/uploads\/2025\/03\/Noticia-EM-1.jpg"},{"@type":"BreadcrumbList","@id":"https:\/\/ericeiramarket.pt\/blog\/#breadcrumb","itemListElement":[{"@type":"ListItem","position":1,"name":"Home","item":"https:\/\/ericeiramarket.pt\/"},{"@type":"ListItem","position":2,"name":"Not\u00edcias"}]},{"@type":"WebSite","@id":"https:\/\/ericeiramarket.pt\/#website","url":"https:\/\/ericeiramarket.pt\/","name":"Ericeira Market","description":"The best of Ericeira is here!","publisher":{"@id":"https:\/\/ericeiramarket.pt\/#organization"},"potentialAction":[{"@type":"SearchAction","target":{"@type":"EntryPoint","urlTemplate":"https:\/\/ericeiramarket.pt\/?s={search_term_string}"},"query-input":{"@type":"PropertyValueSpecification","valueRequired":true,"valueName":"search_term_string"}}],"inLanguage":"en-GB"},{"@type":"Organization","@id":"https:\/\/ericeiramarket.pt\/#organization","name":"Ericeira Market - Ericeira fits in here","url":"https:\/\/ericeiramarket.pt\/","logo":{"@type":"ImageObject","inLanguage":"en-GB","@id":"https:\/\/ericeiramarket.pt\/#\/schema\/logo\/image\/","url":"https:\/\/ericeiramarket.pt\/wp-content\/uploads\/2020\/09\/Asset-4ericeira-market-logos-seo.png","contentUrl":"https:\/\/ericeiramarket.pt\/wp-content\/uploads\/2020\/09\/Asset-4ericeira-market-logos-seo.png","width":557,"height":566,"caption":"Ericeira Market - A Ericeira cabe toda aqui"},"image":{"@id":"https:\/\/ericeiramarket.pt\/#\/schema\/logo\/image\/"},"sameAs":["https:\/\/www.facebook.com\/EriceiraMarket\/"]}]}},"_links":{"self":[{"href":"https:\/\/ericeiramarket.pt\/en\/wp-json\/wp\/v2\/pages\/1087","targetHints":{"allow":["GET"]}}],"collection":[{"href":"https:\/\/ericeiramarket.pt\/en\/wp-json\/wp\/v2\/pages"}],"about":[{"href":"https:\/\/ericeiramarket.pt\/en\/wp-json\/wp\/v2\/types\/page"}],"author":[{"embeddable":true,"href":"https:\/\/ericeiramarket.pt\/en\/wp-json\/wp\/v2\/users\/1"}],"replies":[{"embeddable":true,"href":"https:\/\/ericeiramarket.pt\/en\/wp-json\/wp\/v2\/comments?post=1087"}],"version-history":[{"count":10,"href":"https:\/\/ericeiramarket.pt\/en\/wp-json\/wp\/v2\/pages\/1087\/revisions"}],"predecessor-version":[{"id":27645,"href":"https:\/\/ericeiramarket.pt\/en\/wp-json\/wp\/v2\/pages\/1087\/revisions\/27645"}],"wp:attachment":[{"href":"https:\/\/ericeiramarket.pt\/en\/wp-json\/wp\/v2\/media?parent=1087"}],"curies":[{"name":"wp","href":"https:\/\/api.w.org\/{rel}","templated":true}]}}